{"id":3,"date":"2023-02-10T16:27:12","date_gmt":"2023-02-10T16:27:12","guid":{"rendered":"https:\/\/arya.digital\/?page_id=3"},"modified":"2023-04-25T18:14:32","modified_gmt":"2023-04-25T18:14:32","slug":"politica-de-privacidad-de-datos","status":"publish","type":"page","link":"https:\/\/arya.digital\/en\/politica-de-privacidad-de-datos\/","title":{"rendered":"Pol\u00edtica de privacidad de datos"},"content":{"rendered":"\t\t<div data-elementor-type=\"wp-page\" data-elementor-id=\"3\" class=\"elementor elementor-3\" data-elementor-post-type=\"page\">\n\t\t\t\t\t\t<section class=\"elementor-section elementor-top-section elementor-element elementor-element-511de8a elementor-section-full_width elementor-section-height-min-height elementor-section-height-default elementor-section-items-middle wpr-particle-no wpr-jarallax-no wpr-parallax-no wpr-sticky-section-no wpr-equal-height-no\" data-id=\"511de8a\" data-element_type=\"section\" data-e-type=\"section\" data-settings=\"{&quot;background_background&quot;:&quot;classic&quot;,&quot;background_motion_fx_motion_fx_scrolling&quot;:&quot;yes&quot;,&quot;background_motion_fx_devices&quot;:[&quot;desktop&quot;,&quot;tablet&quot;,&quot;mobile&quot;]}\">\n\t\t\t\t\t\t<div class=\"elementor-container elementor-column-gap-default\">\n\t\t\t\t\t<div class=\"elementor-column elementor-col-100 elementor-top-column elementor-element elementor-element-5c1923e\" data-id=\"5c1923e\" data-element_type=\"column\" data-e-type=\"column\">\n\t\t\t<div class=\"elementor-widget-wrap\">\n\t\t\t\t\t\t\t<\/div>\n\t\t<\/div>\n\t\t\t\t\t<\/div>\n\t\t<\/section>\n\t\t\t\t<section class=\"elementor-section elementor-top-section elementor-element elementor-element-5a60436d elementor-section-boxed elementor-section-height-default elementor-section-height-default wpr-particle-no wpr-jarallax-no wpr-parallax-no wpr-sticky-section-no wpr-equal-height-no\" data-id=\"5a60436d\" data-element_type=\"section\" data-e-type=\"section\" data-settings=\"{&quot;background_background&quot;:&quot;classic&quot;}\">\n\t\t\t\t\t\t<div class=\"elementor-container elementor-column-gap-default\">\n\t\t\t\t\t<div class=\"elementor-column elementor-col-100 elementor-top-column elementor-element elementor-element-4bf080d5\" data-id=\"4bf080d5\" data-element_type=\"column\" data-e-type=\"column\">\n\t\t\t<div class=\"elementor-widget-wrap elementor-element-populated\">\n\t\t\t\t\t\t<div class=\"elementor-element elementor-element-a30f02a elementor-widget elementor-widget-heading\" data-id=\"a30f02a\" data-element_type=\"widget\" data-e-type=\"widget\" data-widget_type=\"heading.default\">\n\t\t\t\t<div class=\"elementor-widget-container\">\n\t\t\t\t\t<h2 class=\"elementor-heading-title elementor-size-default\"><span style=\"text-align: justify;white-space: normal\">POL\u00cdTICA DE PRIVACIDAD DE DATOS<\/span><\/h2>\t\t\t\t<\/div>\n\t\t\t\t<\/div>\n\t\t\t\t<div class=\"elementor-element elementor-element-2c8a6b8b elementor-widget elementor-widget-text-editor\" data-id=\"2c8a6b8b\" data-element_type=\"widget\" data-e-type=\"widget\" data-widget_type=\"text-editor.default\">\n\t\t\t\t<div class=\"elementor-widget-container\">\n\t\t\t\t\t\t\t\t\t<p><\/p>\n<div style=\"--flex-direction: initial; --flex-wrap: initial; --justify-content: initial; --align-items: initial; --align-content: initial; --gap: initial; --flex-basis: initial; --flex-grow: initial; --flex-shrink: initial; --order: initial; --align-self: initial; flex-basis: var(--flex-basis); flex-grow: var(--flex-grow); flex-shrink: var(--flex-shrink); order: var(--order); align-self: var(--align-self); flex-direction: var(--flex-direction); flex-wrap: var(--flex-wrap); justify-content: var(--justify-content); align-items: var(--align-items); align-content: var(--align-content); gap: var(--gap); --swiper-theme-color: #000; --swiper-navigation-size: 44px; --swiper-pagination-bullet-size: 6px; --swiper-pagination-bullet-horizontal-gap: 6px; width: 1120px; text-align: center; color: #ffffff; font-family: -apple-system, BlinkMacSystemFont, 'Segoe UI', Roboto, 'Helvetica Neue', Arial, 'Noto Sans', sans-serif, 'Apple Color Emoji', 'Segoe UI Emoji', 'Segoe UI Symbol', 'Noto Color Emoji'; font-size: 16px; background-color: #ffffff;\" data-id=\"adc3dde\" data-element_type=\"widget\" data-widget_type=\"heading.default\">\n<div style=\"transition: background 0.3s,border 0.3s,border-radius 0.3s,box-shadow 0.3s,transform var(--e-transform-transition-duration,0.4s); padding: 5px;\"><span style=\"font-family: var( --e-global-typography-text-font-family ), Sans-serif; letter-spacing: var( --e-global-typography-text-letter-spacing ); text-align: justify; color: var( --e-global-color-text ); font-weight: var( --e-global-typography-text-font-weight );\">En esta web se respetan y cuidan los datos personales de los usuarios. Como usuario debe saber que sus derechos est\u00e1n garantizados.<\/span><\/div>\n<\/div>\n<div style=\"--flex-direction: initial; --flex-wrap: initial; --justify-content: initial; --align-items: initial; --align-content: initial; --gap: initial; --flex-basis: initial; --flex-grow: initial; --flex-shrink: initial; --order: initial; --align-self: initial; flex-basis: var(--flex-basis); flex-grow: var(--flex-grow); flex-shrink: var(--flex-shrink); order: var(--order); align-self: var(--align-self); flex-direction: var(--flex-direction); flex-wrap: var(--flex-wrap); justify-content: var(--justify-content); align-items: var(--align-items); align-content: var(--align-content); gap: var(--gap); --swiper-theme-color: #000; --swiper-navigation-size: 44px; --swiper-pagination-bullet-size: 6px; --swiper-pagination-bullet-horizontal-gap: 6px; font-family: var( --e-global-typography-text-font-family ), Sans-serif; font-size: 16px; line-height: var( --e-global-typography-text-line-height ); letter-spacing: var( --e-global-typography-text-letter-spacing ); width: 1120px; text-align: justify; background-color: #ffffff;\" data-id=\"00f2627\" data-element_type=\"widget\" data-widget_type=\"text-editor.default\">\n<div style=\"transition: background 0.3s,border 0.3s,border-radius 0.3s,box-shadow 0.3s,transform var(--e-transform-transition-duration,0.4s);\">\n<p style=\"font-weight: 400;\"><span style=\"font-weight: bolder;\">Su privacidad es importante para nosotros.<\/span><\/p>\n<p style=\"font-weight: 400;\">En esta declaraci\u00f3n de privacidad le explicamos qu\u00e9 datos personales se recopilan de los usuarios y c\u00f3mo se utilizan. Le animo a leer detenidamente estos t\u00e9rminos antes de facilitar sus datos personales en esta web. Los mayores de dieciocho a\u00f1os podr\u00e1n llenar los formularios en https:\/\/Arya.digital\u00a0sin el previo consentimiento de sus padres o tutores.<\/p>\n<p style=\"font-weight: 400;\">En el caso de los menores de dieciocho (18) a\u00f1os se requiere el consentimiento de los padres o tutores para el tratamiento de sus datos personales.<\/p>\n<p style=\"font-weight: 400;\">En ning\u00fan caso se recabar\u00e1n del menor de edad datos relativos a la situaci\u00f3n profesional, econ\u00f3mica o a la intimidad de los otros miembros de la familia, sin el consentimiento de \u00e9stos.<\/p>\n<p style=\"font-weight: 400;\">Si es menor de dieciocho (18) a\u00f1os y ha accedido a este sitio web sin avisar a sus padres no debe llenar los formularios.<\/p>\n<p style=\"font-weight: 400;\">En esta web se respetan y cuidan los datos personales de los usuarios. Como usuario debe saber que sus derechos est\u00e1n garantizados.<\/p>\n<p style=\"font-weight: 400;\">Principios de respecto a tu privacidad:<\/p>\n<ul style=\"font-weight: 400; font-size: 16px;\">\n<li style=\"font-size: 16px;\">Nunca solicitamos informaci\u00f3n personal a menos que realmente sea necesaria para prestarle los servicios que requiera.<\/li>\n<li style=\"font-size: 16px;\">Nunca compartimos informaci\u00f3n personal de los usuarios con nadie, excepto para cumplir con la ley o en caso que cuente con su autorizaci\u00f3n expresa.<\/li>\n<li style=\"font-size: 16px;\">Nunca utilizamos sus datos personales con una finalidad diferente a la expresada en esta pol\u00edtica de privacidad.<\/li>\n<\/ul>\n<p style=\"font-weight: 400;\">Es preciso advertir que esta Pol\u00edtica de Privacidad podr\u00eda variar en funci\u00f3n de exigencias legislativas o de autorregulaci\u00f3n, por lo que se aconseja a los usuarios que la visiten peri\u00f3dicamente. Ser\u00e1 aplicable en caso de que los usuarios decidan rellenar alg\u00fan formulario de cualquiera de sus formularios de contacto donde se recaben datos de car\u00e1cter personal.<\/p>\n<p style=\"font-weight: 400;\"><span style=\"font-family: var( --e-global-typography-text-font-family ), Sans-serif; letter-spacing: var( --e-global-typography-text-letter-spacing ); color: var( --e-global-color-text ); font-weight: var( --e-global-typography-text-font-weight );\">Arya.digital<\/span>\u00a0ha adecuado esta web a las exigencias de la Ley Org\u00e1nica 15\/1999, de 13 de diciembre, de Protecci\u00f3n de Datos de Car\u00e1cter Personal (LOPD), y al Real Decreto 1720\/2007, de 21 de diciembre, conocido como el Reglamento de desarrollo de la LOPD. Cumple tambi\u00e9n con el Reglamento (UE) 2016\/679 del Parlamento Europeo y del Consejo de 27 de abril de 2016 relativo a la protecci\u00f3n de las personas f\u00edsicas (RGPD), as\u00ed como con la Ley 34\/2002, de 11 de julio, de Servicios de la Sociedad de la Informaci\u00f3n y Comercio Electr\u00f3nico (LSSICE o LSSI).<\/p>\n<\/div>\n<\/div>\n<h2 class=\"wp-block-heading\"><span style=\"font-weight: bolder;\">Responsable del tratamiento de tus datos personales<\/span><\/h2>\n<h2>Identificaci\u00f3n y Titularidad<\/h2>\n<div style=\"--flex-direction: initial; --flex-wrap: initial; --justify-content: initial; --align-items: initial; --align-content: initial; --gap: initial; --flex-basis: initial; --flex-grow: initial; --flex-shrink: initial; --order: initial; --align-self: initial; flex-basis: var(--flex-basis); flex-grow: var(--flex-grow); flex-shrink: var(--flex-shrink); order: var(--order); align-self: var(--align-self); flex-direction: var(--flex-direction); flex-wrap: var(--flex-wrap); justify-content: var(--justify-content); align-items: var(--align-items); align-content: var(--align-content); gap: var(--gap); --swiper-theme-color: #000; --swiper-navigation-size: 44px; --swiper-pagination-bullet-size: 6px; --swiper-pagination-bullet-horizontal-gap: 6px; font-family: var( --e-global-typography-text-font-family ), Sans-serif; font-size: 16px; font-weight: 400; line-height: var( --e-global-typography-text-line-height ); letter-spacing: var( --e-global-typography-text-letter-spacing ); width: 1120px; text-align: justify; background-color: #ffffff;\" data-id=\"00f2627\" data-element_type=\"widget\" data-widget_type=\"text-editor.default\">\n<div style=\"transition: background 0.3s,border 0.3s,border-radius 0.3s,box-shadow 0.3s,transform var(--e-transform-transition-duration,0.4s);\">\n<ul style=\"font-size: 16px;\">\n<li style=\"font-size: 16px;\" aria-level=\"1\"><span style=\"font-weight: bolder;\">Identidad del responsable:<\/span>\u00a0 ARYA DIGITAL SL<\/li>\n<li style=\"font-size: 16px;\" aria-level=\"1\"><span style=\"font-weight: bolder;\">CIF:<\/span>\u00a0B42875476<\/li>\n<li style=\"font-size: 16px;\" aria-level=\"1\"><span style=\"font-weight: bolder;\">Domicilio:<\/span>\u00a0 Edificio Viapol Balbino Marr\u00f3n 3, 4\u00aa planta, 41018 Sevilla, Espa\u00f1a.<\/li>\n<li style=\"font-size: 16px;\" aria-level=\"1\"><span style=\"font-weight: bolder;\">Correo electr\u00f3nico:\u00a0<\/span>\u00a0info@arya.digital<\/li>\n<li style=\"font-size: 16px;\" aria-level=\"1\"><span style=\"font-weight: bolder;\">Sitio Web:<\/span>\u00a0\u00a0<a style=\"color: var( --e-global-color-0debfc7 );\" href=\"https:\/\/almazaradecarmona.com\/\">https:\/\/<\/a>Arya.digital<\/li>\n<li style=\"font-size: 16px;\"><span style=\"font-weight: bolder;\">Actividad:<\/span>\u00a0asesor\u00eda<\/li>\n<\/ul>\n<p>A efectos de lo previsto en el Reglamento General de Protecci\u00f3n de Datos antes citado, los datos personales que env\u00ede a trav\u00e9s de los formularios de la web, recibir\u00e1n el tratamiento de datos de \u201cUsuarios de la web y suscriptores\u201d.<\/p>\n<p>Para el tratamiento de datos de los usuarios, implemento todas las medidas t\u00e9cnicas y organizativas de seguridad establecidas en la legislaci\u00f3n vigente.<\/p>\n<\/div>\n<\/div>\n<h2><span style=\"font-weight: bolder;\">Principios que aplicamos a su informaci\u00f3n personal<\/span><\/h2>\n<div style=\"--flex-direction: initial; --flex-wrap: initial; --justify-content: initial; --align-items: initial; --align-content: initial; --gap: initial; --flex-basis: initial; --flex-grow: initial; --flex-shrink: initial; --order: initial; --align-self: initial; flex-basis: var(--flex-basis); flex-grow: var(--flex-grow); flex-shrink: var(--flex-shrink); order: var(--order); align-self: var(--align-self); flex-direction: var(--flex-direction); flex-wrap: var(--flex-wrap); justify-content: var(--justify-content); align-items: var(--align-items); align-content: var(--align-content); gap: var(--gap); --swiper-theme-color: #000; --swiper-navigation-size: 44px; --swiper-pagination-bullet-size: 6px; --swiper-pagination-bullet-horizontal-gap: 6px; font-family: var( --e-global-typography-text-font-family ), Sans-serif; font-size: 16px; font-weight: 400; line-height: var( --e-global-typography-text-line-height ); letter-spacing: var( --e-global-typography-text-letter-spacing ); width: 1120px; text-align: justify; background-color: #ffffff;\" data-id=\"00f2627\" data-element_type=\"widget\" data-widget_type=\"text-editor.default\">\n<div style=\"transition: background 0.3s,border 0.3s,border-radius 0.3s,box-shadow 0.3s,transform var(--e-transform-transition-duration,0.4s);\">\n<p>En el tratamiento de tus datos personales, aplicamos los siguientes principios que se ajustan a las exigencias del nuevo reglamento europeo de protecci\u00f3n de datos:<\/p>\n<ul style=\"font-size: 16px;\">\n<li style=\"font-size: 16px;\"><span style=\"font-weight: bolder;\">Principio de licitud, lealtad y transparencia:<\/span>\u00a0Siempre vamos a requerir su consentimiento para el tratamiento de sus datos personales para uno o varios fines espec\u00edficos que le informar\u00e9 previamente con absoluta transparencia.<\/li>\n<li style=\"font-size: 16px;\"><span style=\"font-weight: bolder;\">Principio de minimizaci\u00f3n de datos:<\/span>\u00a0Solo voy a solicitar datos estrictamente necesarios en relaci\u00f3n con los fines para los que los requiero. Los m\u00ednimos posibles.<\/li>\n<li style=\"font-size: 16px;\"><span style=\"font-weight: bolder;\">Principio de limitaci\u00f3n del plazo de conservaci\u00f3n:<\/span>\u00a0los datos ser\u00e1n mantenidos durante no m\u00e1s tiempo del necesario para los fines del tratamiento, en funci\u00f3n a la finalidad, le informar\u00e9 del plazo de conservaci\u00f3n correspondiente, en el caso de suscripciones, peri\u00f3dicamente revisar\u00e9 las listas y eliminar\u00e9 aquellos registros inactivos durante un tiempo considerable.<\/li>\n<li style=\"font-size: 16px;\"><span style=\"font-weight: bolder;\">Principio de integridad y confidencialidad:<\/span>\u00a0Sus datos ser\u00e1n tratados de tal manera que se garantice una seguridad adecuada de los datos personales y se garantice confidencialidad. Debe saber que tomamos todas las precauciones necesarias para evitar el acceso no autorizado o uso indebido de los datos de los usuarios por parte de terceros.<\/li>\n<\/ul>\n<\/div>\n<\/div>\n<h2><span style=\"font-weight: bolder;\">\u00bfC\u00f3mo se obtienen sus datos?<\/span><\/h2>\n<div style=\"--flex-direction: initial; --flex-wrap: initial; --justify-content: initial; --align-items: initial; --align-content: initial; --gap: initial; --flex-basis: initial; --flex-grow: initial; --flex-shrink: initial; --order: initial; --align-self: initial; flex-basis: var(--flex-basis); flex-grow: var(--flex-grow); flex-shrink: var(--flex-shrink); order: var(--order); align-self: var(--align-self); flex-direction: var(--flex-direction); flex-wrap: var(--flex-wrap); justify-content: var(--justify-content); align-items: var(--align-items); align-content: var(--align-content); gap: var(--gap); --swiper-theme-color: #000; --swiper-navigation-size: 44px; --swiper-pagination-bullet-size: 6px; --swiper-pagination-bullet-horizontal-gap: 6px; font-family: var( --e-global-typography-text-font-family ), Sans-serif; font-size: 16px; font-weight: 400; line-height: var( --e-global-typography-text-line-height ); letter-spacing: var( --e-global-typography-text-letter-spacing ); width: 1120px; text-align: justify;\" data-id=\"00f2627\" data-element_type=\"widget\" data-widget_type=\"text-editor.default\">\n<div style=\"transition: background 0.3s,border 0.3s,border-radius 0.3s,box-shadow 0.3s,transform var(--e-transform-transition-duration,0.4s);\">\n<p>Los datos personales que llegan a Arya.digital proceden de:<\/p>\n<ul style=\"font-size: 16px;\">\n<li style=\"font-size: 16px;\">Formulario de contacto.<\/li>\n<li style=\"font-size: 16px;\">Solicitud de presupuestos a trav\u00e9s del directorio.<\/li>\n<li style=\"font-size: 16px;\">Solicitud de presupuestos a trav\u00e9s del whatsapp.<\/li>\n<\/ul>\n<\/div>\n<\/div>\n<h2><span style=\"font-weight: bolder;\">\u00bfCu\u00e1les son sus derechos cuando me facilite sus datos?<\/span><\/h2>\n<div style=\"--flex-direction: initial; --flex-wrap: initial; --justify-content: initial; --align-items: initial; --align-content: initial; --gap: initial; --flex-basis: initial; --flex-grow: initial; --flex-shrink: initial; --order: initial; --align-self: initial; flex-basis: var(--flex-basis); flex-grow: var(--flex-grow); flex-shrink: var(--flex-shrink); order: var(--order); align-self: var(--align-self); flex-direction: var(--flex-direction); flex-wrap: var(--flex-wrap); justify-content: var(--justify-content); align-items: var(--align-items); align-content: var(--align-content); gap: var(--gap); --swiper-theme-color: #000; --swiper-navigation-size: 44px; --swiper-pagination-bullet-size: 6px; --swiper-pagination-bullet-horizontal-gap: 6px; font-family: var( --e-global-typography-text-font-family ), Sans-serif; font-size: 16px; font-weight: 400; line-height: var( --e-global-typography-text-line-height ); letter-spacing: var( --e-global-typography-text-letter-spacing ); width: 1120px; text-align: justify;\" data-id=\"00f2627\" data-element_type=\"widget\" data-widget_type=\"text-editor.default\">\n<div style=\"transition: background 0.3s,border 0.3s,border-radius 0.3s,box-shadow 0.3s,transform var(--e-transform-transition-duration,0.4s);\">\n<p>Cualquier persona tiene derecho a obtener confirmaci\u00f3n sobre si en Arya.digital\u00a0estamos tratando datos personales que nos concierna, o no.<\/p>\n<p>Las personas interesadas tienen derecho a:<\/p>\n<ul style=\"font-size: 16px;\">\n<li style=\"font-size: 16px;\">Solicitar el acceso a los datos personales relativos al interesado.<\/li>\n<li style=\"font-size: 16px;\">Solicitar su rectificaci\u00f3n o supresi\u00f3n.<\/li>\n<li style=\"font-size: 16px;\">Solicitar la limitaci\u00f3n de su tratamiento.<\/li>\n<li style=\"font-size: 16px;\">Oponerse al tratamiento.<\/li>\n<li style=\"font-size: 16px;\">Solicitar la portabilidad de los datos.<\/li>\n<\/ul>\n<p>Los interesados podr\u00e1n\u00a0<span style=\"font-weight: bolder;\">acceder<\/span>\u00a0a sus datos personales, as\u00ed como a solicitar la\u00a0<span style=\"font-weight: bolder;\">rectificaci\u00f3n<\/span>\u00a0de los datos inexactos o, en su caso, solicitar su\u00a0<span style=\"font-weight: bolder;\">supresi\u00f3n<\/span>\u00a0cuando, entre otros motivos, los datos ya no sean necesarios para los fines que fueron recogidos. En determinadas circunstancias, los interesados podr\u00e1n solicitar la\u00a0<span style=\"font-weight: bolder;\">limitaci\u00f3n<\/span>\u00a0del tratamiento de sus datos, en cuyo caso \u00fanicamente los conservar\u00e9 para el ejercicio o la defensa de reclamaciones.<\/p>\n<p>En determinadas circunstancias y por motivos relacionados con su situaci\u00f3n particular, los interesados podr\u00e1n\u00a0<span style=\"font-weight: bolder;\">oponerse<\/span>\u00a0al tratamiento de sus datos. Arya.digital\u00a0dejar\u00e1 de tratar los datos, salvo por motivos leg\u00edtimos imperiosos, o el ejercicio o la defensa de posibles reclamaciones. C\u00f3mo interesado, tiene derecho a recibir los datos personales que le incumban, que nos haya facilitado y en un formato estructurado, de uso com\u00fan y lectura mec\u00e1nica, y a transmitirlos a otro responsable del tratamiento cuando:<\/p>\n<ul style=\"font-size: 16px;\">\n<li style=\"font-size: 16px;\">El tratamiento est\u00e9 basado en el consentimiento.<\/li>\n<li style=\"font-size: 16px;\">Los datos hayan sido facilitados por la persona interesada.<\/li>\n<li style=\"font-size: 16px;\">El tratamiento se efect\u00fae por medios automatizados.<\/li>\n<\/ul>\n<p>Al ejercer su derecho a la portabilidad de los datos, tendr\u00e1 derecho a que los datos personales se transmitan directamente de responsable a responsable cuando sea t\u00e9cnicamente posible.<\/p>\n<p>Los interesados tambi\u00e9n tendr\u00e1n derecho a la tutela judicial efectiva y a presentar una reclamaci\u00f3n ante la autoridad de control, en este caso, la Agencia Espa\u00f1ola de Protecci\u00f3n de Datos, si consideran que el tratamiento de datos personales que le conciernen infringe el Reglamento.<\/p>\n<\/div>\n<\/div>\n<h2><span style=\"font-weight: bolder;\">\u00bfCon qu\u00e9 finalidad tratamos sus datos personales?<\/span><\/h2>\n<div style=\"--flex-direction: initial; --flex-wrap: initial; --justify-content: initial; --align-items: initial; --align-content: initial; --gap: initial; --flex-basis: initial; --flex-grow: initial; --flex-shrink: initial; --order: initial; --align-self: initial; flex-basis: var(--flex-basis); flex-grow: var(--flex-grow); flex-shrink: var(--flex-shrink); order: var(--order); align-self: var(--align-self); flex-direction: var(--flex-direction); flex-wrap: var(--flex-wrap); justify-content: var(--justify-content); align-items: var(--align-items); align-content: var(--align-content); gap: var(--gap); --swiper-theme-color: #000; --swiper-navigation-size: 44px; --swiper-pagination-bullet-size: 6px; --swiper-pagination-bullet-horizontal-gap: 6px; font-family: var( --e-global-typography-text-font-family ), Sans-serif; font-size: 16px; font-weight: 400; line-height: var( --e-global-typography-text-line-height ); letter-spacing: var( --e-global-typography-text-letter-spacing ); width: 1120px; text-align: justify;\" data-id=\"00f2627\" data-element_type=\"widget\" data-widget_type=\"text-editor.default\">\n<div style=\"transition: background 0.3s,border 0.3s,border-radius 0.3s,box-shadow 0.3s,transform var(--e-transform-transition-duration,0.4s);\">\n<p>Cuando un usuario se conecta con esta web para solicitar presupuesto o contactar, est\u00e1 facilitando informaci\u00f3n de car\u00e1cter personal de la que es responsable Arya.digital. Esa informaci\u00f3n puede incluir datos de car\u00e1cter personal como pueden ser tu direcci\u00f3n IP, nombre o nombre de usuario, direcci\u00f3n de correo electr\u00f3nico, otros datos suministrados en un mensaje o archivos adjuntos. Al facilitar esta informaci\u00f3n, el usuario da su consentimiento para que su informaci\u00f3n sea recopilada, utilizada, gestionada y almacenada por Arya.digital, s\u00f3lo como se describe en la presente Pol\u00edtica de Privacidad.<\/p>\n<p>En Arya.digital\u00a0existen diferentes sistemas de captura de informaci\u00f3n personal y tratamos la informaci\u00f3n que nos facilitan las personas interesadas con el siguiente fin por cada sistema de captura (formularios):<\/p>\n<ul style=\"font-size: 16px;\">\n<li style=\"font-size: 16px;\"><span style=\"font-weight: bolder;\">Formulario de solicitud de presupuesto:<\/span>\u00a0Solicitamos los siguientes datos personales: Nombre, Email, para responder a los requerimientos de los usuarios y la consulta. Por ejemplo, podemos utilizar esos datos para responder a su solicitud y dar respuesta a las dudas, quejas, comentarios o inquietudes que puedas tener relativas a la informaci\u00f3n incluida en la web, los servicios que se prestan a trav\u00e9s de la web, el tratamiento de sus datos personales, cuestiones referentes a los textos legales incluidos en la web, as\u00ed como cualquier otra consulta que pueda tener y que no est\u00e9n sujetas a las condiciones de contrataci\u00f3n. Le informo que los datos que nos facilita estar\u00e1n ubicados en los servidores de SERED. (proveedor de Arya.digital) dentro de la UE (Espa\u00f1a) y en los servidores de Google Inc. fuera de la UE en EEUU. Google est\u00e1 acogido al acuerdo EU-US Privacy Shield, aprobado por el Comit\u00e9 Europeo de Protecci\u00f3n de Datos.<\/li>\n<\/ul>\n<p>Existen otras finalidades por la que tratamos sus datos personales:<\/p>\n<ul style=\"font-size: 16px;\">\n<li style=\"font-size: 16px;\">Para garantizar el cumplimiento de las condiciones de uso y la ley aplicable. Esto puede incluir el desarrollo de herramientas y algoritmos que ayudan a esta web a garantizar la confidencialidad de los datos personales que recoge.<\/li>\n<li style=\"font-size: 16px;\">Para apoyar y mejorar los servicios que ofrece esta web.<\/li>\n<li style=\"font-size: 16px;\">Tambi\u00e9n se recogen otros datos no identificativos que se obtienen mediante algunas cookies que se descargan en el ordenador del usuario cuando navega en esta web que detallo en la Pol\u00edtica de Cookies.<\/li>\n<li style=\"font-size: 16px;\">es puede tener presencia en redes sociales. El tratamiento de los datos que se lleve a cabo de las personas que se hagan seguidoras en las redes sociales de las p\u00e1ginas oficiales de Arya.digital, se regir\u00e1 por este apartado. As\u00ed como por aquellas condiciones de uso, pol\u00edticas de privacidad y normativas de acceso que pertenezcan a la red social que proceda en cada caso y aceptadas previamente por el usuario de Arya.digital. Tratar\u00e1 sus datos con las finalidades de administrar correctamente su presencia en la red social, informando de actividades, productos o servicios de Arya.digital, as\u00ed como para cualquier otra finalidad que las normativas de las redes sociales permitan. En ning\u00fan caso utilizaremos los perfiles de seguidores en redes sociales para enviar publicidad de manera individual.<\/li>\n<\/ul>\n<p>De acuerdo a lo establecido en el reglamento general de protecci\u00f3n de datos europeo (RGPD) 2016\/679, Arya.digital\u00a0ser\u00e1 responsable del tratamiento de los datos correspondientes a Usuarios de la web y suscriptores.<\/p>\n<p><span style=\"font-family: var( --e-global-typography-text-font-family ), Sans-serif; letter-spacing: var( --e-global-typography-text-letter-spacing ); color: var( --e-global-color-text );\">Arya.digital\u00a0<\/span>no vende, alquila ni cede datos de car\u00e1cter personal que puedan identificar al usuario, ni lo har\u00e1 en el futuro, a terceros sin el consentimiento previo. Sin embargo, en algunos casos se pueden realizar colaboraciones con otros profesionales, en esos casos, se requerir\u00e1 consentimiento a los usuarios informando sobre la identidad del colaborador y la finalidad de la colaboraci\u00f3n. Siempre se realizar\u00e1 con los m\u00e1s estrictos est\u00e1ndares de seguridad.<\/p>\n<\/div>\n<\/div>\n<h2><span style=\"font-weight: bolder;\">Legitimaci\u00f3n para el tratamiento de tus datos<\/span><\/h2>\n<div style=\"--flex-direction: initial; --flex-wrap: initial; --justify-content: initial; --align-items: initial; --align-content: initial; --gap: initial; --flex-basis: initial; --flex-grow: initial; --flex-shrink: initial; --order: initial; --align-self: initial; flex-basis: var(--flex-basis); flex-grow: var(--flex-grow); flex-shrink: var(--flex-shrink); order: var(--order); align-self: var(--align-self); flex-direction: var(--flex-direction); flex-wrap: var(--flex-wrap); justify-content: var(--justify-content); align-items: var(--align-items); align-content: var(--align-content); gap: var(--gap); --swiper-theme-color: #000; --swiper-navigation-size: 44px; --swiper-pagination-bullet-size: 6px; --swiper-pagination-bullet-horizontal-gap: 6px; font-family: var( --e-global-typography-text-font-family ), Sans-serif; font-size: 16px; font-weight: 400; line-height: var( --e-global-typography-text-line-height ); letter-spacing: var( --e-global-typography-text-letter-spacing ); width: 1120px; text-align: justify;\" data-id=\"00f2627\" data-element_type=\"widget\" data-widget_type=\"text-editor.default\">\n<div style=\"transition: background 0.3s,border 0.3s,border-radius 0.3s,box-shadow 0.3s,transform var(--e-transform-transition-duration,0.4s);\">\n<p>La base legal para el tratamiento de sus datos es: el consentimiento.<\/p>\n<p>Para contactar, suscribirse o realizar comentarios en esta web se requiere el consentimiento con esta pol\u00edtica de privacidad.<\/p>\n<p>La oferta prospectiva o comercial de productos y servicios est\u00e1 basada en el consentimiento que se le solicita, sin que en ning\u00fan caso la retirada de este consentimiento condicione la ejecuci\u00f3n del contrato de suscripci\u00f3n.<\/p>\n<\/div>\n<\/div>\n<h2><span style=\"font-weight: bolder;\">Categor\u00eda de datos recogidos<\/span><\/h2>\n<div style=\"--flex-direction: initial; --flex-wrap: initial; --justify-content: initial; --align-items: initial; --align-content: initial; --gap: initial; --flex-basis: initial; --flex-grow: initial; --flex-shrink: initial; --order: initial; --align-self: initial; flex-basis: var(--flex-basis); flex-grow: var(--flex-grow); flex-shrink: var(--flex-shrink); order: var(--order); align-self: var(--align-self); flex-direction: var(--flex-direction); flex-wrap: var(--flex-wrap); justify-content: var(--justify-content); align-items: var(--align-items); align-content: var(--align-content); gap: var(--gap); --swiper-theme-color: #000; --swiper-navigation-size: 44px; --swiper-pagination-bullet-size: 6px; --swiper-pagination-bullet-horizontal-gap: 6px; font-family: var( --e-global-typography-text-font-family ), Sans-serif; font-size: 16px; font-weight: 400; line-height: var( --e-global-typography-text-line-height ); letter-spacing: var( --e-global-typography-text-letter-spacing ); width: 1120px; text-align: justify;\" data-id=\"00f2627\" data-element_type=\"widget\" data-widget_type=\"text-editor.default\">\n<div style=\"transition: background 0.3s,border 0.3s,border-radius 0.3s,box-shadow 0.3s,transform var(--e-transform-transition-duration,0.4s);\">\n<p>Las categor\u00edas de datos que se tratan son datos identificativos.<\/p>\n<p>En ning\u00fan caso se tratan categor\u00edas de datos especialmente protegidos.<\/p>\n<\/div>\n<\/div>\n<h2><span style=\"font-weight: bolder;\">\u00bfPor cu\u00e1nto tiempo conservaremos sus datos?<\/span><\/h2>\n<div style=\"--flex-direction: initial; --flex-wrap: initial; --justify-content: initial; --align-items: initial; --align-content: initial; --gap: initial; --flex-basis: initial; --flex-grow: initial; --flex-shrink: initial; --order: initial; --align-self: initial; flex-basis: var(--flex-basis); flex-grow: var(--flex-grow); flex-shrink: var(--flex-shrink); order: var(--order); align-self: var(--align-self); flex-direction: var(--flex-direction); flex-wrap: var(--flex-wrap); justify-content: var(--justify-content); align-items: var(--align-items); align-content: var(--align-content); gap: var(--gap); --swiper-theme-color: #000; --swiper-navigation-size: 44px; --swiper-pagination-bullet-size: 6px; --swiper-pagination-bullet-horizontal-gap: 6px; font-family: var( --e-global-typography-text-font-family ), Sans-serif; font-size: 16px; font-weight: 400; line-height: var( --e-global-typography-text-line-height ); letter-spacing: var( --e-global-typography-text-letter-spacing ); width: 1120px; text-align: justify;\" data-id=\"00f2627\" data-element_type=\"widget\" data-widget_type=\"text-editor.default\">\n<div style=\"transition: background 0.3s,border 0.3s,border-radius 0.3s,box-shadow 0.3s,transform var(--e-transform-transition-duration,0.4s);\">\n<p>Los datos personales proporcionados se conservar\u00e1n hasta que no se solicite su supresi\u00f3n por el interesado.<\/p>\n<\/div>\n<\/div>\n<h2><span style=\"font-weight: bolder;\">\u00bfA qu\u00e9 destinatarios se comunicar\u00e1n sus datos?<\/span><\/h2>\n<div style=\"--flex-direction: initial; --flex-wrap: initial; --justify-content: initial; --align-items: initial; --align-content: initial; --gap: initial; --flex-basis: initial; --flex-grow: initial; --flex-shrink: initial; --order: initial; --align-self: initial; flex-basis: var(--flex-basis); flex-grow: var(--flex-grow); flex-shrink: var(--flex-shrink); order: var(--order); align-self: var(--align-self); flex-direction: var(--flex-direction); flex-wrap: var(--flex-wrap); justify-content: var(--justify-content); align-items: var(--align-items); align-content: var(--align-content); gap: var(--gap); --swiper-theme-color: #000; --swiper-navigation-size: 44px; --swiper-pagination-bullet-size: 6px; --swiper-pagination-bullet-horizontal-gap: 6px; font-family: var( --e-global-typography-text-font-family ), Sans-serif; font-size: 16px; font-weight: 400; line-height: var( --e-global-typography-text-line-height ); letter-spacing: var( --e-global-typography-text-letter-spacing ); width: 1120px; text-align: justify;\" data-id=\"00f2627\" data-element_type=\"widget\" data-widget_type=\"text-editor.default\">\n<div style=\"transition: background 0.3s,border 0.3s,border-radius 0.3s,box-shadow 0.3s,transform var(--e-transform-transition-duration,0.4s);\">\n<p>Muchas herramientas que utilizamos para gestionar sus datos son contratados por terceros.<\/p>\n<p>Para prestar servicios estrictamente necesarios para el desarrollo de la actividad, Arya.digital, comparte datos con los siguientes prestadores bajo sus correspondientes condiciones de privacidad:<\/p>\n<p><span style=\"font-weight: bolder;\">Google Analytics:<\/span>\u00a0un servicio anal\u00edtico de web prestado por Google, Inc., una compa\u00f1\u00eda de Delaware cuya oficina principal est\u00e1 en 1600 Amphitheatre Parkway, Mountain View (California), CA 94043, Estados Unidos (\u201cGoogle\u201d). Google Analytics utiliza \u201ccookies\u201d, que son archivos de texto ubicados en su ordenador, para ayudar a Arya.digital\u00a0a analizar el uso que hacen los usuarios del sitio web. La informaci\u00f3n que genera la cookie acerca de su uso de Arya.digital\u00a0(incluyendo su direcci\u00f3n IP) ser\u00e1 directamente transmitida y archivada por Google en los servidores de Estados Unidos.<\/p>\n<p><span style=\"font-weight: bolder;\">Google AdSense:<\/span>\u00a0un servicio de publicidad web prestado por Google, Inc., una compa\u00f1\u00eda de Delaware cuya oficina principal est\u00e1 en 1600 Amphitheatre Parkway, Mountain View (California), CA 94043, Estados Unidos (\u201cGoogle\u201d). Google AdSense utiliza \u201ccookies\u201d, que son archivos de texto ubicados en su ordenador, para ayudar a alfardos.es a mostrar publicidad en el sitio web. La informaci\u00f3n que genera la cookie acerca de su uso de Arya.digital\u00a0(incluyendo su direcci\u00f3n IP) ser\u00e1 directamente transmitida y archivada por Google en los servidores de Estados Unidos y permite mostrar anuncios relevantes ateni\u00e9ndose las visitas anteriores de un usuario a este sitio web o a otros sitios web. Los usuarios pueden inhabilitar la publicidad personalizada. Para ello, deber\u00e1n acceder a Preferencias de anuncios<\/p>\n<p><span style=\"font-weight: bolder;\">Hosting:\u00a0<\/span>SERED HOSTING S.L, con domicilio en C\/ R\u00faa do Progreso 177 , 1\u00ba A R\u00faa de Valdeorras, Ourense, Galicia. M\u00e1s informaci\u00f3n en:\u00a0<a style=\"color: var( --e-global-color-0debfc7 );\" href=\"https:\/\/sered.net\/politica-de-privacidad\">https:\/\/sered.net\/politica-de-privacidad<\/a>. SERED HOSTING S.L trata los datos con la finalidad de realizar sus servicios de hosting a alfardos.es<\/p>\n<\/div>\n<\/div>\n<h2>\u00a0<span style=\"font-weight: bolder;\">Navegaci\u00f3n<\/span><\/h2>\n<div style=\"--flex-direction: initial; --flex-wrap: initial; --justify-content: initial; --align-items: initial; --align-content: initial; --gap: initial; --flex-basis: initial; --flex-grow: initial; --flex-shrink: initial; --order: initial; --align-self: initial; flex-basis: var(--flex-basis); flex-grow: var(--flex-grow); flex-shrink: var(--flex-shrink); order: var(--order); align-self: var(--align-self); flex-direction: var(--flex-direction); flex-wrap: var(--flex-wrap); justify-content: var(--justify-content); align-items: var(--align-items); align-content: var(--align-content); gap: var(--gap); --swiper-theme-color: #000; --swiper-navigation-size: 44px; --swiper-pagination-bullet-size: 6px; --swiper-pagination-bullet-horizontal-gap: 6px; font-family: var( --e-global-typography-text-font-family ), Sans-serif; font-size: 16px; font-weight: 400; line-height: var( --e-global-typography-text-line-height ); letter-spacing: var( --e-global-typography-text-letter-spacing ); width: 1120px; text-align: justify;\" data-id=\"00f2627\" data-element_type=\"widget\" data-widget_type=\"text-editor.default\">\n<div style=\"transition: background 0.3s,border 0.3s,border-radius 0.3s,box-shadow 0.3s,transform var(--e-transform-transition-duration,0.4s);\">\n<p>Al navegar por Arya.digital\u00a0se pueden recoger datos no identificables, que pueden incluir, direcciones IP, ubicaci\u00f3n geogr\u00e1fica (aproximada), un registro de c\u00f3mo se utilizan los servicios y sitios, y otros datos que no pueden ser utilizados para identificar al usuario. Entre los datos no identificativos est\u00e1n tambi\u00e9n los relacionados a sus h\u00e1bitos de navegaci\u00f3n a trav\u00e9s de servicios de terceros. Esta web utiliza los siguientes servicios de an\u00e1lisis de terceros:<\/p>\n<ul style=\"font-size: 16px;\">\n<li style=\"font-size: 16px;\">Google Analytics.<\/li>\n<\/ul>\n<p>Utilizamos esta informaci\u00f3n para analizar tendencias, administrar el sitio, rastrear los movimientos de los usuarios alrededor del sitio y para recopilar informaci\u00f3n demogr\u00e1fica sobre mi base de usuarios en su conjunto.<\/p>\n<\/div>\n<\/div>\n<h2><span style=\"font-weight: bolder;\">Secreto y seguridad de los datos<\/span><\/h2>\n<div style=\"--flex-direction: initial; --flex-wrap: initial; --justify-content: initial; --align-items: initial; --align-content: initial; --gap: initial; --flex-basis: initial; --flex-grow: initial; --flex-shrink: initial; --order: initial; --align-self: initial; flex-basis: var(--flex-basis); flex-grow: var(--flex-grow); flex-shrink: var(--flex-shrink); order: var(--order); align-self: var(--align-self); flex-direction: var(--flex-direction); flex-wrap: var(--flex-wrap); justify-content: var(--justify-content); align-items: var(--align-items); align-content: var(--align-content); gap: var(--gap); --swiper-theme-color: #000; --swiper-navigation-size: 44px; --swiper-pagination-bullet-size: 6px; --swiper-pagination-bullet-horizontal-gap: 6px; font-family: var( --e-global-typography-text-font-family ), Sans-serif; font-size: 16px; font-weight: 400; line-height: var( --e-global-typography-text-line-height ); letter-spacing: var( --e-global-typography-text-letter-spacing ); width: 1120px; text-align: justify;\" data-id=\"00f2627\" data-element_type=\"widget\" data-widget_type=\"text-editor.default\">\n<div style=\"transition: background 0.3s,border 0.3s,border-radius 0.3s,box-shadow 0.3s,transform var(--e-transform-transition-duration,0.4s);\">\n<p><span style=\"font-family: var( --e-global-typography-text-font-family ), Sans-serif; letter-spacing: var( --e-global-typography-text-letter-spacing ); color: var( --e-global-color-text );\">Arya.digital<\/span>\u00a0se compromete en el uso y tratamiento de los datos incluidos personales de los usuarios, respetando su confidencialidad y a utilizarlos de acuerdo con la finalidad del mismo, as\u00ed como a dar cumplimiento a su obligaci\u00f3n de guardarlos y adaptar todas las medidas para evitar la alteraci\u00f3n, p\u00e9rdida, tratamiento o acceso no autorizado, de conformidad con lo establecido en la normativa vigente de protecci\u00f3n de datos.<\/p>\n<p>Esta web incluye un certificado SSL. Se trata de un protocolo de seguridad que hace que tus datos viajen de manera \u00edntegra y segura, es decir, la transmisi\u00f3n de los datos entre un servidor y usuario web, y en retroalimentaci\u00f3n, es totalmente cifrada o encriptada.<\/p>\n<p><span style=\"font-family: var( --e-global-typography-text-font-family ), Sans-serif; letter-spacing: var( --e-global-typography-text-letter-spacing ); color: var( --e-global-color-text );\">Arya.digital<\/span>\u00a0no puede garantizar la absoluta inexpugnabilidad de la red Internet y por tanto la violaci\u00f3n de los datos mediante accesos fraudulentos a ellos por parte de terceros.<\/p>\n<p>Con respecto a la confidencialidad del procesamiento, Almazaradecarmona.com\u00a0se asegurar\u00e1 de que cualquier persona que est\u00e9 autorizada por Arya.digital\u00a0para procesar los datos del cliente (incluido su personal, colaboradores y prestadores), estar\u00e1 bajo la obligaci\u00f3n apropiada de confidencialidad (ya sea un deber contractual o legal).<\/p>\n<p>Cuando se presente alg\u00fan incidente de seguridad, al darse cuenta Arya.digital, deber\u00e1 notificar al Cliente sin demoras indebidas y deber\u00e1 proporcionar informaci\u00f3n oportuna relacionada con el Incidente de Seguridad tal como se conozca o cuando el Cliente lo solicite razonablemente.<\/p>\n<\/div>\n<\/div>\n<h2><span style=\"font-weight: bolder;\">Exactitud y veracidad de los datos<\/span><\/h2>\n<div style=\"--flex-direction: initial; --flex-wrap: initial; --justify-content: initial; --align-items: initial; --align-content: initial; --gap: initial; --flex-basis: initial; --flex-grow: initial; --flex-shrink: initial; --order: initial; --align-self: initial; flex-basis: var(--flex-basis); flex-grow: var(--flex-grow); flex-shrink: var(--flex-shrink); order: var(--order); align-self: var(--align-self); flex-direction: var(--flex-direction); flex-wrap: var(--flex-wrap); justify-content: var(--justify-content); align-items: var(--align-items); align-content: var(--align-content); gap: var(--gap); --swiper-theme-color: #000; --swiper-navigation-size: 44px; --swiper-pagination-bullet-size: 6px; --swiper-pagination-bullet-horizontal-gap: 6px; font-family: var( --e-global-typography-text-font-family ), Sans-serif; font-size: 16px; font-weight: 400; line-height: var( --e-global-typography-text-line-height ); letter-spacing: var( --e-global-typography-text-letter-spacing ); width: 1120px; text-align: justify;\" data-id=\"00f2627\" data-element_type=\"widget\" data-widget_type=\"text-editor.default\">\n<div style=\"transition: background 0.3s,border 0.3s,border-radius 0.3s,box-shadow 0.3s,transform var(--e-transform-transition-duration,0.4s);\">\n<p>Como usuario, eres el \u00fanico responsable de la veracidad y correcci\u00f3n de los datos que remita a Arya.digital\u00a0exonerando a la web de cualquier responsabilidad al respecto.<\/p>\n<p>Los usuarios garantizan y responden, en cualquier caso, de la exactitud, vigencia y autenticidad de los datos personales facilitados, y se comprometen a mantenerlos debidamente actualizados. El usuario acepta proporcionar informaci\u00f3n completa y correcta en el formulario de contacto o suscripci\u00f3n.<\/p>\n<\/div>\n<\/div>\n<h2><span style=\"font-weight: bolder;\">Aceptaci\u00f3n y consentimiento<\/span><\/h2>\n<div style=\"--flex-direction: initial; --flex-wrap: initial; --justify-content: initial; --align-items: initial; --align-content: initial; --gap: initial; --flex-basis: initial; --flex-grow: initial; --flex-shrink: initial; --order: initial; --align-self: initial; flex-basis: var(--flex-basis); flex-grow: var(--flex-grow); flex-shrink: var(--flex-shrink); order: var(--order); align-self: var(--align-self); flex-direction: var(--flex-direction); flex-wrap: var(--flex-wrap); justify-content: var(--justify-content); align-items: var(--align-items); align-content: var(--align-content); gap: var(--gap); --swiper-theme-color: #000; --swiper-navigation-size: 44px; --swiper-pagination-bullet-size: 6px; --swiper-pagination-bullet-horizontal-gap: 6px; font-family: var( --e-global-typography-text-font-family ), Sans-serif; font-size: 16px; font-weight: 400; line-height: var( --e-global-typography-text-line-height ); letter-spacing: var( --e-global-typography-text-letter-spacing ); width: 1120px; text-align: justify;\" data-id=\"00f2627\" data-element_type=\"widget\" data-widget_type=\"text-editor.default\">\n<div style=\"transition: background 0.3s,border 0.3s,border-radius 0.3s,box-shadow 0.3s,transform var(--e-transform-transition-duration,0.4s);\">\n<p>El usuario declara haber sido informado de las condiciones sobre protecci\u00f3n de datos de car\u00e1cter personal, aceptando y consintiendo el tratamiento de los mismos por parte de Arya.digital\u00a0en la forma y para las finalidades indicadas en esta pol\u00edtica de privacidad.<\/p>\n<\/div>\n<\/div>\n<h2><span style=\"font-weight: bolder;\">Revocabilidad<\/span><\/h2>\n<div style=\"--flex-direction: initial; --flex-wrap: initial; --justify-content: initial; --align-items: initial; --align-content: initial; --gap: initial; --flex-basis: initial; --flex-grow: initial; --flex-shrink: initial; --order: initial; --align-self: initial; flex-basis: var(--flex-basis); flex-grow: var(--flex-grow); flex-shrink: var(--flex-shrink); order: var(--order); align-self: var(--align-self); flex-direction: var(--flex-direction); flex-wrap: var(--flex-wrap); justify-content: var(--justify-content); align-items: var(--align-items); align-content: var(--align-content); gap: var(--gap); --swiper-theme-color: #000; --swiper-navigation-size: 44px; --swiper-pagination-bullet-size: 6px; --swiper-pagination-bullet-horizontal-gap: 6px; font-family: var( --e-global-typography-text-font-family ), Sans-serif; font-size: 16px; font-weight: 400; line-height: var( --e-global-typography-text-line-height ); letter-spacing: var( --e-global-typography-text-letter-spacing ); width: 1120px; text-align: justify;\" data-id=\"00f2627\" data-element_type=\"widget\" data-widget_type=\"text-editor.default\">\n<div style=\"transition: background 0.3s,border 0.3s,border-radius 0.3s,box-shadow 0.3s,transform var(--e-transform-transition-duration,0.4s);\">\n<p>El consentimiento prestado, tanto para el tratamiento como para la cesi\u00f3n de los datos de los interesados, es revocable en cualquier momento comunic\u00e1ndolo a Arya.digital\u00a0en los t\u00e9rminos establecidos en esta Pol\u00edtica para el ejercicio de los derechos ARCO. Esta revocaci\u00f3n en ning\u00fan caso tendr\u00e1 car\u00e1cter retroactivo.<\/p>\n<\/div>\n<\/div>\n<h2><span style=\"font-weight: bolder;\">Cambios en la pol\u00edtica de privacidad<\/span><\/h2>\n<div style=\"--flex-direction: initial; --flex-wrap: initial; --justify-content: initial; --align-items: initial; --align-content: initial; --gap: initial; --flex-basis: initial; --flex-grow: initial; --flex-shrink: initial; --order: initial; --align-self: initial; flex-basis: var(--flex-basis); flex-grow: var(--flex-grow); flex-shrink: var(--flex-shrink); order: var(--order); align-self: var(--align-self); flex-direction: var(--flex-direction); flex-wrap: var(--flex-wrap); justify-content: var(--justify-content); align-items: var(--align-items); align-content: var(--align-content); gap: var(--gap); --swiper-theme-color: #000; --swiper-navigation-size: 44px; --swiper-pagination-bullet-size: 6px; --swiper-pagination-bullet-horizontal-gap: 6px; font-family: var( --e-global-typography-text-font-family ), Sans-serif; font-size: 16px; font-weight: 400; line-height: var( --e-global-typography-text-line-height ); letter-spacing: var( --e-global-typography-text-letter-spacing ); width: 1120px; text-align: justify;\" data-id=\"00f2627\" data-element_type=\"widget\" data-widget_type=\"text-editor.default\">\n<div style=\"transition: background 0.3s,border 0.3s,border-radius 0.3s,box-shadow 0.3s,transform var(--e-transform-transition-duration,0.4s);\">\n<p>Arya.digital se reserva el derecho a modificar la presente pol\u00edtica para adaptarla a novedades legislativas o jurisprudenciales, as\u00ed como a pr\u00e1cticas de la industria. En dichos supuestos,Arya.digitalanunciar\u00e1 en esta p\u00e1gina los cambios introducidos con razonable antelaci\u00f3n a su puesta en pr\u00e1ctica.<\/p>\n<\/div>\n<\/div>\n<h2><span style=\"font-weight: bolder;\">Correos comerciales<\/span><\/h2>\n<div style=\"--flex-direction: initial; --flex-wrap: initial; --justify-content: initial; --align-items: initial; --align-content: initial; --gap: initial; --flex-basis: initial; --flex-grow: initial; --flex-shrink: initial; --order: initial; --align-self: initial; flex-basis: var(--flex-basis); flex-grow: var(--flex-grow); flex-shrink: var(--flex-shrink); order: var(--order); align-self: var(--align-self); flex-direction: var(--flex-direction); flex-wrap: var(--flex-wrap); justify-content: var(--justify-content); align-items: var(--align-items); align-content: var(--align-content); gap: var(--gap); --swiper-theme-color: #000; --swiper-navigation-size: 44px; --swiper-pagination-bullet-size: 6px; --swiper-pagination-bullet-horizontal-gap: 6px; font-family: var( --e-global-typography-text-font-family ), Sans-serif; font-size: 16px; font-weight: 400; line-height: var( --e-global-typography-text-line-height ); letter-spacing: var( --e-global-typography-text-letter-spacing ); width: 1120px; text-align: justify;\" data-id=\"00f2627\" data-element_type=\"widget\" data-widget_type=\"text-editor.default\">\n<div style=\"transition: background 0.3s,border 0.3s,border-radius 0.3s,box-shadow 0.3s,transform var(--e-transform-transition-duration,0.4s);\">\n<p>De acuerdo con la LSSICE, imagine.alfardos.es no realiza pr\u00e1cticas de SPAM, por lo que no env\u00eda correos comerciales por v\u00eda electr\u00f3nica que no hayan sido previamente solicitados o autorizados por el usuario. En consecuencia, en cada uno de los formularios habidos en la web, el usuario tiene la posibilidad de dar su consentimiento expreso para recibir el bolet\u00edn, con independencia de la informaci\u00f3n comercial puntualmente solicitada.<\/p>\n<p>Conforme a lo dispuesto en la Ley 34\/2002 de Servicios de la Sociedad de la Informaci\u00f3n y de comercio electr\u00f3nico, Arya.digital; se compromete a no enviar comunicaciones de car\u00e1cter comercial sin identificarlas debidamente.<\/p>\n<\/div>\n<\/div>\n<p><\/p>\t\t\t\t\t\t\t\t<\/div>\n\t\t\t\t<\/div>\n\t\t\t\t\t<\/div>\n\t\t<\/div>\n\t\t\t\t\t<\/div>\n\t\t<\/section>\n\t\t\t\t<\/div>\n\t\t","protected":false},"excerpt":{"rendered":"<p>POL\u00cdTICA DE PRIVACIDAD DE DATOS En esta web se respetan y cuidan los datos personales de los usuarios. Como usuario debe saber que sus derechos est\u00e1n garantizados. Su privacidad es importante para nosotros. En esta declaraci\u00f3n de privacidad le explicamos qu\u00e9 datos personales se recopilan de los usuarios y c\u00f3mo se utilizan. Le animo a leer detenidamente estos t\u00e9rminos antes de facilitar sus datos personales en esta web. Los mayores de dieciocho a\u00f1os podr\u00e1n llenar los formularios en https:\/\/Arya.digital\u00a0sin el previo consentimiento de sus padres o tutores. En el caso de los menores de dieciocho (18) a\u00f1os se requiere el consentimiento de los padres o tutores para el tratamiento de sus datos personales. En ning\u00fan caso se recabar\u00e1n del menor de edad datos relativos a la situaci\u00f3n profesional, econ\u00f3mica o a la intimidad de los otros miembros de la familia, sin el consentimiento de \u00e9stos. Si es menor de dieciocho (18) a\u00f1os y ha accedido a este sitio web sin avisar a sus padres no debe llenar los formularios. En esta web se respetan y cuidan los datos personales de los usuarios. Como usuario debe saber que sus derechos est\u00e1n garantizados. Principios de respecto a tu privacidad: Nunca solicitamos informaci\u00f3n personal a menos que realmente sea necesaria para prestarle los servicios que requiera. Nunca compartimos informaci\u00f3n personal de los usuarios con nadie, excepto para cumplir con la ley o en caso que cuente con su autorizaci\u00f3n expresa. Nunca utilizamos sus datos personales con una finalidad diferente a la expresada en esta pol\u00edtica de privacidad. Es preciso advertir que esta Pol\u00edtica de Privacidad podr\u00eda variar en funci\u00f3n de exigencias legislativas o de autorregulaci\u00f3n, por lo que se aconseja a los usuarios que la visiten peri\u00f3dicamente. Ser\u00e1 aplicable en caso de que los usuarios decidan rellenar alg\u00fan formulario de cualquiera de sus formularios de contacto donde se recaben datos de car\u00e1cter personal. Arya.digital\u00a0ha adecuado esta web a las exigencias de la Ley Org\u00e1nica 15\/1999, de 13 de diciembre, de Protecci\u00f3n de Datos de Car\u00e1cter Personal (LOPD), y al Real Decreto 1720\/2007, de 21 de diciembre, conocido como el Reglamento de desarrollo de la LOPD. Cumple tambi\u00e9n con el Reglamento (UE) 2016\/679 del Parlamento Europeo y del Consejo de 27 de abril de 2016 relativo a la protecci\u00f3n de las personas f\u00edsicas (RGPD), as\u00ed como con la Ley 34\/2002, de 11 de julio, de Servicios de la Sociedad de la Informaci\u00f3n y Comercio Electr\u00f3nico (LSSICE o LSSI). Responsable del tratamiento de tus datos personales Identificaci\u00f3n y Titularidad Identidad del responsable:\u00a0 ARYA DIGITAL SL CIF:\u00a0B42875476 Domicilio:\u00a0 Edificio Viapol Balbino Marr\u00f3n 3, 4\u00aa planta, 41018 Sevilla, Espa\u00f1a. Correo electr\u00f3nico:\u00a0\u00a0info@arya.digital Sitio Web:\u00a0\u00a0https:\/\/Arya.digital Actividad:\u00a0asesor\u00eda A efectos de lo previsto en el Reglamento General de Protecci\u00f3n de Datos antes citado, los datos personales que env\u00ede a trav\u00e9s de los formularios de la web, recibir\u00e1n el tratamiento de datos de \u201cUsuarios de la web y suscriptores\u201d. Para el tratamiento de datos de los usuarios, implemento todas las medidas t\u00e9cnicas y organizativas de seguridad establecidas en la legislaci\u00f3n vigente. Principios que aplicamos a su informaci\u00f3n personal En el tratamiento de tus datos personales, aplicamos los siguientes principios que se ajustan a las exigencias del nuevo reglamento europeo de protecci\u00f3n de datos: Principio de licitud, lealtad y transparencia:\u00a0Siempre vamos a requerir su consentimiento para el tratamiento de sus datos personales para uno o varios fines espec\u00edficos que le informar\u00e9 previamente con absoluta transparencia. Principio de minimizaci\u00f3n de datos:\u00a0Solo voy a solicitar datos estrictamente necesarios en relaci\u00f3n con los fines para los que los requiero. Los m\u00ednimos posibles. Principio de limitaci\u00f3n del plazo de conservaci\u00f3n:\u00a0los datos ser\u00e1n mantenidos durante no m\u00e1s tiempo del necesario para los fines del tratamiento, en funci\u00f3n a la finalidad, le informar\u00e9 del plazo de conservaci\u00f3n correspondiente, en el caso de suscripciones, peri\u00f3dicamente revisar\u00e9 las listas y eliminar\u00e9 aquellos registros inactivos durante un tiempo considerable. Principio de integridad y confidencialidad:\u00a0Sus datos ser\u00e1n tratados de tal manera que se garantice una seguridad adecuada de los datos personales y se garantice confidencialidad. Debe saber que tomamos todas las precauciones necesarias para evitar el acceso no autorizado o uso indebido de los datos de los usuarios por parte de terceros. \u00bfC\u00f3mo se obtienen sus datos? Los datos personales que llegan a Arya.digital proceden de: Formulario de contacto. Solicitud de presupuestos a trav\u00e9s del directorio. Solicitud de presupuestos a trav\u00e9s del whatsapp. \u00bfCu\u00e1les son sus derechos cuando me facilite sus datos? Cualquier persona tiene derecho a obtener confirmaci\u00f3n sobre si en Arya.digital\u00a0estamos tratando datos personales que nos concierna, o no. Las personas interesadas tienen derecho a: Solicitar el acceso a los datos personales relativos al interesado. Solicitar su rectificaci\u00f3n o supresi\u00f3n. Solicitar la limitaci\u00f3n de su tratamiento. Oponerse al tratamiento. Solicitar la portabilidad de los datos. Los interesados podr\u00e1n\u00a0acceder\u00a0a sus datos personales, as\u00ed como a solicitar la\u00a0rectificaci\u00f3n\u00a0de los datos inexactos o, en su caso, solicitar su\u00a0supresi\u00f3n\u00a0cuando, entre otros motivos, los datos ya no sean necesarios para los fines que fueron recogidos. En determinadas circunstancias, los interesados podr\u00e1n solicitar la\u00a0limitaci\u00f3n\u00a0del tratamiento de sus datos, en cuyo caso \u00fanicamente los conservar\u00e9 para el ejercicio o la defensa de reclamaciones. En determinadas circunstancias y por motivos relacionados con su situaci\u00f3n particular, los interesados podr\u00e1n\u00a0oponerse\u00a0al tratamiento de sus datos. Arya.digital\u00a0dejar\u00e1 de tratar los datos, salvo por motivos leg\u00edtimos imperiosos, o el ejercicio o la defensa de posibles reclamaciones. C\u00f3mo interesado, tiene derecho a recibir los datos personales que le incumban, que nos haya facilitado y en un formato estructurado, de uso com\u00fan y lectura mec\u00e1nica, y a transmitirlos a otro responsable del tratamiento cuando: El tratamiento est\u00e9 basado en el consentimiento. Los datos hayan sido facilitados por la persona interesada. El tratamiento se efect\u00fae por medios automatizados. Al ejercer su derecho a la portabilidad de los datos, tendr\u00e1 derecho a que los datos personales se transmitan directamente de responsable a responsable cuando sea t\u00e9cnicamente posible. Los interesados tambi\u00e9n tendr\u00e1n derecho a la tutela judicial efectiva y a presentar una reclamaci\u00f3n ante la autoridad de control, en este caso, la Agencia Espa\u00f1ola de Protecci\u00f3n de Datos,<\/p>","protected":false},"author":2,"featured_media":38,"parent":0,"menu_order":0,"comment_status":"closed","ping_status":"open","template":"elementor_theme","meta":{"footnotes":""},"class_list":["post-3","page","type-page","status-publish","has-post-thumbnail","hentry"],"yoast_head":"<!-- This site is optimized with the Yoast SEO plugin v27.5 - https:\/\/yoast.com\/product\/yoast-seo-wordpress\/ -->\n<title>Pol\u00edtica de privacidad de datos - ARYA Digital<\/title>\n<meta name=\"robots\" content=\"index, follow, max-snippet:-1, max-image-preview:large, max-video-preview:-1\" \/>\n<link rel=\"canonical\" href=\"https:\/\/arya.digital\/en\/politica-de-privacidad-de-datos\/\" \/>\n<meta property=\"og:locale\" content=\"en_US\" \/>\n<meta property=\"og:type\" content=\"article\" \/>\n<meta property=\"og:title\" content=\"Pol\u00edtica de privacidad de datos - ARYA Digital\" \/>\n<meta property=\"og:description\" content=\"POL\u00cdTICA DE PRIVACIDAD DE DATOS En esta web se respetan y cuidan los datos personales de los usuarios. Como usuario debe saber que sus derechos est\u00e1n garantizados. Su privacidad es importante para nosotros. En esta declaraci\u00f3n de privacidad le explicamos qu\u00e9 datos personales se recopilan de los usuarios y c\u00f3mo se utilizan. Le animo a leer detenidamente estos t\u00e9rminos antes de facilitar sus datos personales en esta web. Los mayores de dieciocho a\u00f1os podr\u00e1n llenar los formularios en https:\/\/Arya.digital\u00a0sin el previo consentimiento de sus padres o tutores. En el caso de los menores de dieciocho (18) a\u00f1os se requiere el consentimiento de los padres o tutores para el tratamiento de sus datos personales. En ning\u00fan caso se recabar\u00e1n del menor de edad datos relativos a la situaci\u00f3n profesional, econ\u00f3mica o a la intimidad de los otros miembros de la familia, sin el consentimiento de \u00e9stos. Si es menor de dieciocho (18) a\u00f1os y ha accedido a este sitio web sin avisar a sus padres no debe llenar los formularios. En esta web se respetan y cuidan los datos personales de los usuarios. Como usuario debe saber que sus derechos est\u00e1n garantizados. Principios de respecto a tu privacidad: Nunca solicitamos informaci\u00f3n personal a menos que realmente sea necesaria para prestarle los servicios que requiera. Nunca compartimos informaci\u00f3n personal de los usuarios con nadie, excepto para cumplir con la ley o en caso que cuente con su autorizaci\u00f3n expresa. Nunca utilizamos sus datos personales con una finalidad diferente a la expresada en esta pol\u00edtica de privacidad. Es preciso advertir que esta Pol\u00edtica de Privacidad podr\u00eda variar en funci\u00f3n de exigencias legislativas o de autorregulaci\u00f3n, por lo que se aconseja a los usuarios que la visiten peri\u00f3dicamente. Ser\u00e1 aplicable en caso de que los usuarios decidan rellenar alg\u00fan formulario de cualquiera de sus formularios de contacto donde se recaben datos de car\u00e1cter personal. Arya.digital\u00a0ha adecuado esta web a las exigencias de la Ley Org\u00e1nica 15\/1999, de 13 de diciembre, de Protecci\u00f3n de Datos de Car\u00e1cter Personal (LOPD), y al Real Decreto 1720\/2007, de 21 de diciembre, conocido como el Reglamento de desarrollo de la LOPD. Cumple tambi\u00e9n con el Reglamento (UE) 2016\/679 del Parlamento Europeo y del Consejo de 27 de abril de 2016 relativo a la protecci\u00f3n de las personas f\u00edsicas (RGPD), as\u00ed como con la Ley 34\/2002, de 11 de julio, de Servicios de la Sociedad de la Informaci\u00f3n y Comercio Electr\u00f3nico (LSSICE o LSSI). Responsable del tratamiento de tus datos personales Identificaci\u00f3n y Titularidad Identidad del responsable:\u00a0 ARYA DIGITAL SL CIF:\u00a0B42875476 Domicilio:\u00a0 Edificio Viapol Balbino Marr\u00f3n 3, 4\u00aa planta, 41018 Sevilla, Espa\u00f1a. Correo electr\u00f3nico:\u00a0\u00a0info@arya.digital Sitio Web:\u00a0\u00a0https:\/\/Arya.digital Actividad:\u00a0asesor\u00eda A efectos de lo previsto en el Reglamento General de Protecci\u00f3n de Datos antes citado, los datos personales que env\u00ede a trav\u00e9s de los formularios de la web, recibir\u00e1n el tratamiento de datos de \u201cUsuarios de la web y suscriptores\u201d. Para el tratamiento de datos de los usuarios, implemento todas las medidas t\u00e9cnicas y organizativas de seguridad establecidas en la legislaci\u00f3n vigente. Principios que aplicamos a su informaci\u00f3n personal En el tratamiento de tus datos personales, aplicamos los siguientes principios que se ajustan a las exigencias del nuevo reglamento europeo de protecci\u00f3n de datos: Principio de licitud, lealtad y transparencia:\u00a0Siempre vamos a requerir su consentimiento para el tratamiento de sus datos personales para uno o varios fines espec\u00edficos que le informar\u00e9 previamente con absoluta transparencia. Principio de minimizaci\u00f3n de datos:\u00a0Solo voy a solicitar datos estrictamente necesarios en relaci\u00f3n con los fines para los que los requiero. Los m\u00ednimos posibles. Principio de limitaci\u00f3n del plazo de conservaci\u00f3n:\u00a0los datos ser\u00e1n mantenidos durante no m\u00e1s tiempo del necesario para los fines del tratamiento, en funci\u00f3n a la finalidad, le informar\u00e9 del plazo de conservaci\u00f3n correspondiente, en el caso de suscripciones, peri\u00f3dicamente revisar\u00e9 las listas y eliminar\u00e9 aquellos registros inactivos durante un tiempo considerable. Principio de integridad y confidencialidad:\u00a0Sus datos ser\u00e1n tratados de tal manera que se garantice una seguridad adecuada de los datos personales y se garantice confidencialidad. Debe saber que tomamos todas las precauciones necesarias para evitar el acceso no autorizado o uso indebido de los datos de los usuarios por parte de terceros. \u00bfC\u00f3mo se obtienen sus datos? Los datos personales que llegan a Arya.digital proceden de: Formulario de contacto. Solicitud de presupuestos a trav\u00e9s del directorio. Solicitud de presupuestos a trav\u00e9s del whatsapp. \u00bfCu\u00e1les son sus derechos cuando me facilite sus datos? Cualquier persona tiene derecho a obtener confirmaci\u00f3n sobre si en Arya.digital\u00a0estamos tratando datos personales que nos concierna, o no. Las personas interesadas tienen derecho a: Solicitar el acceso a los datos personales relativos al interesado. Solicitar su rectificaci\u00f3n o supresi\u00f3n. Solicitar la limitaci\u00f3n de su tratamiento. Oponerse al tratamiento. Solicitar la portabilidad de los datos. Los interesados podr\u00e1n\u00a0acceder\u00a0a sus datos personales, as\u00ed como a solicitar la\u00a0rectificaci\u00f3n\u00a0de los datos inexactos o, en su caso, solicitar su\u00a0supresi\u00f3n\u00a0cuando, entre otros motivos, los datos ya no sean necesarios para los fines que fueron recogidos. En determinadas circunstancias, los interesados podr\u00e1n solicitar la\u00a0limitaci\u00f3n\u00a0del tratamiento de sus datos, en cuyo caso \u00fanicamente los conservar\u00e9 para el ejercicio o la defensa de reclamaciones. En determinadas circunstancias y por motivos relacionados con su situaci\u00f3n particular, los interesados podr\u00e1n\u00a0oponerse\u00a0al tratamiento de sus datos. Arya.digital\u00a0dejar\u00e1 de tratar los datos, salvo por motivos leg\u00edtimos imperiosos, o el ejercicio o la defensa de posibles reclamaciones. C\u00f3mo interesado, tiene derecho a recibir los datos personales que le incumban, que nos haya facilitado y en un formato estructurado, de uso com\u00fan y lectura mec\u00e1nica, y a transmitirlos a otro responsable del tratamiento cuando: El tratamiento est\u00e9 basado en el consentimiento. Los datos hayan sido facilitados por la persona interesada. El tratamiento se efect\u00fae por medios automatizados. Al ejercer su derecho a la portabilidad de los datos, tendr\u00e1 derecho a que los datos personales se transmitan directamente de responsable a responsable cuando sea t\u00e9cnicamente posible. Los interesados tambi\u00e9n tendr\u00e1n derecho a la tutela judicial efectiva y a presentar una reclamaci\u00f3n ante la autoridad de control, en este caso, la Agencia Espa\u00f1ola de Protecci\u00f3n de Datos,\" \/>\n<meta property=\"og:url\" content=\"https:\/\/arya.digital\/en\/politica-de-privacidad-de-datos\/\" \/>\n<meta property=\"og:site_name\" content=\"ARYA Digital\" \/>\n<meta property=\"article:modified_time\" content=\"2023-04-25T18:14:32+00:00\" \/>\n<meta property=\"og:image\" content=\"https:\/\/arya.digital\/wp-content\/uploads\/2023\/02\/consultoria2.jpg\" \/>\n\t<meta property=\"og:image:width\" content=\"1920\" \/>\n\t<meta property=\"og:image:height\" content=\"1080\" \/>\n\t<meta property=\"og:image:type\" content=\"image\/jpeg\" \/>\n<meta name=\"twitter:card\" content=\"summary_large_image\" \/>\n<meta name=\"twitter:label1\" content=\"Est. reading time\" \/>\n\t<meta name=\"twitter:data1\" content=\"13 minutes\" \/>\n<script type=\"application\/ld+json\" class=\"yoast-schema-graph\">{\"@context\":\"https:\\\/\\\/schema.org\",\"@graph\":[{\"@type\":\"WebPage\",\"@id\":\"https:\\\/\\\/arya.digital\\\/politica-de-privacidad-de-datos\\\/\",\"url\":\"https:\\\/\\\/arya.digital\\\/politica-de-privacidad-de-datos\\\/\",\"name\":\"Pol\u00edtica de privacidad de datos - ARYA Digital\",\"isPartOf\":{\"@id\":\"https:\\\/\\\/arya.digital\\\/#website\"},\"primaryImageOfPage\":{\"@id\":\"https:\\\/\\\/arya.digital\\\/politica-de-privacidad-de-datos\\\/#primaryimage\"},\"image\":{\"@id\":\"https:\\\/\\\/arya.digital\\\/politica-de-privacidad-de-datos\\\/#primaryimage\"},\"thumbnailUrl\":\"https:\\\/\\\/i0.wp.com\\\/arya.digital\\\/wp-content\\\/uploads\\\/2023\\\/02\\\/consultoria2.jpg?fit=1920%2C1080&ssl=1\",\"datePublished\":\"2023-02-10T16:27:12+00:00\",\"dateModified\":\"2023-04-25T18:14:32+00:00\",\"breadcrumb\":{\"@id\":\"https:\\\/\\\/arya.digital\\\/politica-de-privacidad-de-datos\\\/#breadcrumb\"},\"inLanguage\":\"en-US\",\"potentialAction\":[{\"@type\":\"ReadAction\",\"target\":[\"https:\\\/\\\/arya.digital\\\/politica-de-privacidad-de-datos\\\/\"]}]},{\"@type\":\"ImageObject\",\"inLanguage\":\"en-US\",\"@id\":\"https:\\\/\\\/arya.digital\\\/politica-de-privacidad-de-datos\\\/#primaryimage\",\"url\":\"https:\\\/\\\/i0.wp.com\\\/arya.digital\\\/wp-content\\\/uploads\\\/2023\\\/02\\\/consultoria2.jpg?fit=1920%2C1080&ssl=1\",\"contentUrl\":\"https:\\\/\\\/i0.wp.com\\\/arya.digital\\\/wp-content\\\/uploads\\\/2023\\\/02\\\/consultoria2.jpg?fit=1920%2C1080&ssl=1\",\"width\":1920,\"height\":1080},{\"@type\":\"BreadcrumbList\",\"@id\":\"https:\\\/\\\/arya.digital\\\/politica-de-privacidad-de-datos\\\/#breadcrumb\",\"itemListElement\":[{\"@type\":\"ListItem\",\"position\":1,\"name\":\"Portada\",\"item\":\"https:\\\/\\\/arya.digital\\\/\"},{\"@type\":\"ListItem\",\"position\":2,\"name\":\"Pol\u00edtica de privacidad de datos\"}]},{\"@type\":\"WebSite\",\"@id\":\"https:\\\/\\\/arya.digital\\\/#website\",\"url\":\"https:\\\/\\\/arya.digital\\\/\",\"name\":\"ARYA Digital\",\"description\":\"\",\"publisher\":{\"@id\":\"https:\\\/\\\/arya.digital\\\/#organization\"},\"potentialAction\":[{\"@type\":\"SearchAction\",\"target\":{\"@type\":\"EntryPoint\",\"urlTemplate\":\"https:\\\/\\\/arya.digital\\\/?s={search_term_string}\"},\"query-input\":{\"@type\":\"PropertyValueSpecification\",\"valueRequired\":true,\"valueName\":\"search_term_string\"}}],\"inLanguage\":\"en-US\"},{\"@type\":\"Organization\",\"@id\":\"https:\\\/\\\/arya.digital\\\/#organization\",\"name\":\"ARYA Digital\",\"url\":\"https:\\\/\\\/arya.digital\\\/\",\"logo\":{\"@type\":\"ImageObject\",\"inLanguage\":\"en-US\",\"@id\":\"https:\\\/\\\/arya.digital\\\/#\\\/schema\\\/logo\\\/image\\\/\",\"url\":\"https:\\\/\\\/i0.wp.com\\\/arya.digital\\\/wp-content\\\/uploads\\\/2023\\\/02\\\/logo-arya-02.png?fit=1000%2C243&ssl=1\",\"contentUrl\":\"https:\\\/\\\/i0.wp.com\\\/arya.digital\\\/wp-content\\\/uploads\\\/2023\\\/02\\\/logo-arya-02.png?fit=1000%2C243&ssl=1\",\"width\":1000,\"height\":243,\"caption\":\"ARYA Digital\"},\"image\":{\"@id\":\"https:\\\/\\\/arya.digital\\\/#\\\/schema\\\/logo\\\/image\\\/\"},\"sameAs\":[\"https:\\\/\\\/www.linkedin.com\\\/company\\\/arya-consulting\\\/\",\"https:\\\/\\\/www.youtube.com\\\/channel\\\/UCUkc0EWf6rJD5ILrySMGFzQ\"]}]}<\/script>\n<!-- \/ Yoast SEO plugin. -->","yoast_head_json":{"title":"Pol\u00edtica de privacidad de datos - ARYA Digital","robots":{"index":"index","follow":"follow","max-snippet":"max-snippet:-1","max-image-preview":"max-image-preview:large","max-video-preview":"max-video-preview:-1"},"canonical":"https:\/\/arya.digital\/en\/politica-de-privacidad-de-datos\/","og_locale":"en_US","og_type":"article","og_title":"Pol\u00edtica de privacidad de datos - ARYA Digital","og_description":"POL\u00cdTICA DE PRIVACIDAD DE DATOS En esta web se respetan y cuidan los datos personales de los usuarios. Como usuario debe saber que sus derechos est\u00e1n garantizados. Su privacidad es importante para nosotros. En esta declaraci\u00f3n de privacidad le explicamos qu\u00e9 datos personales se recopilan de los usuarios y c\u00f3mo se utilizan. Le animo a leer detenidamente estos t\u00e9rminos antes de facilitar sus datos personales en esta web. Los mayores de dieciocho a\u00f1os podr\u00e1n llenar los formularios en https:\/\/Arya.digital\u00a0sin el previo consentimiento de sus padres o tutores. En el caso de los menores de dieciocho (18) a\u00f1os se requiere el consentimiento de los padres o tutores para el tratamiento de sus datos personales. En ning\u00fan caso se recabar\u00e1n del menor de edad datos relativos a la situaci\u00f3n profesional, econ\u00f3mica o a la intimidad de los otros miembros de la familia, sin el consentimiento de \u00e9stos. Si es menor de dieciocho (18) a\u00f1os y ha accedido a este sitio web sin avisar a sus padres no debe llenar los formularios. En esta web se respetan y cuidan los datos personales de los usuarios. Como usuario debe saber que sus derechos est\u00e1n garantizados. Principios de respecto a tu privacidad: Nunca solicitamos informaci\u00f3n personal a menos que realmente sea necesaria para prestarle los servicios que requiera. Nunca compartimos informaci\u00f3n personal de los usuarios con nadie, excepto para cumplir con la ley o en caso que cuente con su autorizaci\u00f3n expresa. Nunca utilizamos sus datos personales con una finalidad diferente a la expresada en esta pol\u00edtica de privacidad. Es preciso advertir que esta Pol\u00edtica de Privacidad podr\u00eda variar en funci\u00f3n de exigencias legislativas o de autorregulaci\u00f3n, por lo que se aconseja a los usuarios que la visiten peri\u00f3dicamente. Ser\u00e1 aplicable en caso de que los usuarios decidan rellenar alg\u00fan formulario de cualquiera de sus formularios de contacto donde se recaben datos de car\u00e1cter personal. Arya.digital\u00a0ha adecuado esta web a las exigencias de la Ley Org\u00e1nica 15\/1999, de 13 de diciembre, de Protecci\u00f3n de Datos de Car\u00e1cter Personal (LOPD), y al Real Decreto 1720\/2007, de 21 de diciembre, conocido como el Reglamento de desarrollo de la LOPD. Cumple tambi\u00e9n con el Reglamento (UE) 2016\/679 del Parlamento Europeo y del Consejo de 27 de abril de 2016 relativo a la protecci\u00f3n de las personas f\u00edsicas (RGPD), as\u00ed como con la Ley 34\/2002, de 11 de julio, de Servicios de la Sociedad de la Informaci\u00f3n y Comercio Electr\u00f3nico (LSSICE o LSSI). Responsable del tratamiento de tus datos personales Identificaci\u00f3n y Titularidad Identidad del responsable:\u00a0 ARYA DIGITAL SL CIF:\u00a0B42875476 Domicilio:\u00a0 Edificio Viapol Balbino Marr\u00f3n 3, 4\u00aa planta, 41018 Sevilla, Espa\u00f1a. Correo electr\u00f3nico:\u00a0\u00a0info@arya.digital Sitio Web:\u00a0\u00a0https:\/\/Arya.digital Actividad:\u00a0asesor\u00eda A efectos de lo previsto en el Reglamento General de Protecci\u00f3n de Datos antes citado, los datos personales que env\u00ede a trav\u00e9s de los formularios de la web, recibir\u00e1n el tratamiento de datos de \u201cUsuarios de la web y suscriptores\u201d. Para el tratamiento de datos de los usuarios, implemento todas las medidas t\u00e9cnicas y organizativas de seguridad establecidas en la legislaci\u00f3n vigente. Principios que aplicamos a su informaci\u00f3n personal En el tratamiento de tus datos personales, aplicamos los siguientes principios que se ajustan a las exigencias del nuevo reglamento europeo de protecci\u00f3n de datos: Principio de licitud, lealtad y transparencia:\u00a0Siempre vamos a requerir su consentimiento para el tratamiento de sus datos personales para uno o varios fines espec\u00edficos que le informar\u00e9 previamente con absoluta transparencia. Principio de minimizaci\u00f3n de datos:\u00a0Solo voy a solicitar datos estrictamente necesarios en relaci\u00f3n con los fines para los que los requiero. Los m\u00ednimos posibles. Principio de limitaci\u00f3n del plazo de conservaci\u00f3n:\u00a0los datos ser\u00e1n mantenidos durante no m\u00e1s tiempo del necesario para los fines del tratamiento, en funci\u00f3n a la finalidad, le informar\u00e9 del plazo de conservaci\u00f3n correspondiente, en el caso de suscripciones, peri\u00f3dicamente revisar\u00e9 las listas y eliminar\u00e9 aquellos registros inactivos durante un tiempo considerable. Principio de integridad y confidencialidad:\u00a0Sus datos ser\u00e1n tratados de tal manera que se garantice una seguridad adecuada de los datos personales y se garantice confidencialidad. Debe saber que tomamos todas las precauciones necesarias para evitar el acceso no autorizado o uso indebido de los datos de los usuarios por parte de terceros. \u00bfC\u00f3mo se obtienen sus datos? Los datos personales que llegan a Arya.digital proceden de: Formulario de contacto. Solicitud de presupuestos a trav\u00e9s del directorio. Solicitud de presupuestos a trav\u00e9s del whatsapp. \u00bfCu\u00e1les son sus derechos cuando me facilite sus datos? Cualquier persona tiene derecho a obtener confirmaci\u00f3n sobre si en Arya.digital\u00a0estamos tratando datos personales que nos concierna, o no. Las personas interesadas tienen derecho a: Solicitar el acceso a los datos personales relativos al interesado. Solicitar su rectificaci\u00f3n o supresi\u00f3n. Solicitar la limitaci\u00f3n de su tratamiento. Oponerse al tratamiento. Solicitar la portabilidad de los datos. Los interesados podr\u00e1n\u00a0acceder\u00a0a sus datos personales, as\u00ed como a solicitar la\u00a0rectificaci\u00f3n\u00a0de los datos inexactos o, en su caso, solicitar su\u00a0supresi\u00f3n\u00a0cuando, entre otros motivos, los datos ya no sean necesarios para los fines que fueron recogidos. En determinadas circunstancias, los interesados podr\u00e1n solicitar la\u00a0limitaci\u00f3n\u00a0del tratamiento de sus datos, en cuyo caso \u00fanicamente los conservar\u00e9 para el ejercicio o la defensa de reclamaciones. En determinadas circunstancias y por motivos relacionados con su situaci\u00f3n particular, los interesados podr\u00e1n\u00a0oponerse\u00a0al tratamiento de sus datos. Arya.digital\u00a0dejar\u00e1 de tratar los datos, salvo por motivos leg\u00edtimos imperiosos, o el ejercicio o la defensa de posibles reclamaciones. C\u00f3mo interesado, tiene derecho a recibir los datos personales que le incumban, que nos haya facilitado y en un formato estructurado, de uso com\u00fan y lectura mec\u00e1nica, y a transmitirlos a otro responsable del tratamiento cuando: El tratamiento est\u00e9 basado en el consentimiento. Los datos hayan sido facilitados por la persona interesada. El tratamiento se efect\u00fae por medios automatizados. Al ejercer su derecho a la portabilidad de los datos, tendr\u00e1 derecho a que los datos personales se transmitan directamente de responsable a responsable cuando sea t\u00e9cnicamente posible. Los interesados tambi\u00e9n tendr\u00e1n derecho a la tutela judicial efectiva y a presentar una reclamaci\u00f3n ante la autoridad de control, en este caso, la Agencia Espa\u00f1ola de Protecci\u00f3n de Datos,","og_url":"https:\/\/arya.digital\/en\/politica-de-privacidad-de-datos\/","og_site_name":"ARYA Digital","article_modified_time":"2023-04-25T18:14:32+00:00","og_image":[{"width":1920,"height":1080,"url":"https:\/\/arya.digital\/wp-content\/uploads\/2023\/02\/consultoria2.jpg","type":"image\/jpeg"}],"twitter_card":"summary_large_image","twitter_misc":{"Est. reading time":"13 minutes"},"schema":{"@context":"https:\/\/schema.org","@graph":[{"@type":"WebPage","@id":"https:\/\/arya.digital\/politica-de-privacidad-de-datos\/","url":"https:\/\/arya.digital\/politica-de-privacidad-de-datos\/","name":"Pol\u00edtica de privacidad de datos - ARYA Digital","isPartOf":{"@id":"https:\/\/arya.digital\/#website"},"primaryImageOfPage":{"@id":"https:\/\/arya.digital\/politica-de-privacidad-de-datos\/#primaryimage"},"image":{"@id":"https:\/\/arya.digital\/politica-de-privacidad-de-datos\/#primaryimage"},"thumbnailUrl":"https:\/\/i0.wp.com\/arya.digital\/wp-content\/uploads\/2023\/02\/consultoria2.jpg?fit=1920%2C1080&ssl=1","datePublished":"2023-02-10T16:27:12+00:00","dateModified":"2023-04-25T18:14:32+00:00","breadcrumb":{"@id":"https:\/\/arya.digital\/politica-de-privacidad-de-datos\/#breadcrumb"},"inLanguage":"en-US","potentialAction":[{"@type":"ReadAction","target":["https:\/\/arya.digital\/politica-de-privacidad-de-datos\/"]}]},{"@type":"ImageObject","inLanguage":"en-US","@id":"https:\/\/arya.digital\/politica-de-privacidad-de-datos\/#primaryimage","url":"https:\/\/i0.wp.com\/arya.digital\/wp-content\/uploads\/2023\/02\/consultoria2.jpg?fit=1920%2C1080&ssl=1","contentUrl":"https:\/\/i0.wp.com\/arya.digital\/wp-content\/uploads\/2023\/02\/consultoria2.jpg?fit=1920%2C1080&ssl=1","width":1920,"height":1080},{"@type":"BreadcrumbList","@id":"https:\/\/arya.digital\/politica-de-privacidad-de-datos\/#breadcrumb","itemListElement":[{"@type":"ListItem","position":1,"name":"Portada","item":"https:\/\/arya.digital\/"},{"@type":"ListItem","position":2,"name":"Pol\u00edtica de privacidad de datos"}]},{"@type":"WebSite","@id":"https:\/\/arya.digital\/#website","url":"https:\/\/arya.digital\/","name":"ARYA Digital","description":"","publisher":{"@id":"https:\/\/arya.digital\/#organization"},"potentialAction":[{"@type":"SearchAction","target":{"@type":"EntryPoint","urlTemplate":"https:\/\/arya.digital\/?s={search_term_string}"},"query-input":{"@type":"PropertyValueSpecification","valueRequired":true,"valueName":"search_term_string"}}],"inLanguage":"en-US"},{"@type":"Organization","@id":"https:\/\/arya.digital\/#organization","name":"ARYA Digital","url":"https:\/\/arya.digital\/","logo":{"@type":"ImageObject","inLanguage":"en-US","@id":"https:\/\/arya.digital\/#\/schema\/logo\/image\/","url":"https:\/\/i0.wp.com\/arya.digital\/wp-content\/uploads\/2023\/02\/logo-arya-02.png?fit=1000%2C243&ssl=1","contentUrl":"https:\/\/i0.wp.com\/arya.digital\/wp-content\/uploads\/2023\/02\/logo-arya-02.png?fit=1000%2C243&ssl=1","width":1000,"height":243,"caption":"ARYA Digital"},"image":{"@id":"https:\/\/arya.digital\/#\/schema\/logo\/image\/"},"sameAs":["https:\/\/www.linkedin.com\/company\/arya-consulting\/","https:\/\/www.youtube.com\/channel\/UCUkc0EWf6rJD5ILrySMGFzQ"]}]}},"jetpack-related-posts":[],"jetpack_sharing_enabled":true,"_links":{"self":[{"href":"https:\/\/arya.digital\/en\/wp-json\/wp\/v2\/pages\/3","targetHints":{"allow":["GET"]}}],"collection":[{"href":"https:\/\/arya.digital\/en\/wp-json\/wp\/v2\/pages"}],"about":[{"href":"https:\/\/arya.digital\/en\/wp-json\/wp\/v2\/types\/page"}],"author":[{"embeddable":true,"href":"https:\/\/arya.digital\/en\/wp-json\/wp\/v2\/users\/2"}],"replies":[{"embeddable":true,"href":"https:\/\/arya.digital\/en\/wp-json\/wp\/v2\/comments?post=3"}],"version-history":[{"count":25,"href":"https:\/\/arya.digital\/en\/wp-json\/wp\/v2\/pages\/3\/revisions"}],"predecessor-version":[{"id":920,"href":"https:\/\/arya.digital\/en\/wp-json\/wp\/v2\/pages\/3\/revisions\/920"}],"wp:featuredmedia":[{"embeddable":true,"href":"https:\/\/arya.digital\/en\/wp-json\/wp\/v2\/media\/38"}],"wp:attachment":[{"href":"https:\/\/arya.digital\/en\/wp-json\/wp\/v2\/media?parent=3"}],"curies":[{"name":"wp","href":"https:\/\/api.w.org\/{rel}","templated":true}]}}